{"id":38,"date":"2022-01-07T13:56:12","date_gmt":"2022-01-07T12:56:12","guid":{"rendered":"https:\/\/ankieta-popon.it3.pl\/?page_id=38"},"modified":"2022-03-10T15:41:26","modified_gmt":"2022-03-10T14:41:26","slug":"formularz-zgloszeniowy","status":"publish","type":"page","link":"http:\/\/ankieta-popon.it3.pl\/","title":{"rendered":""},"content":{"rendered":"\t\t<div data-elementor-type=\"wp-page\" data-elementor-id=\"38\" class=\"elementor elementor-38\" data-elementor-settings=\"[]\">\n\t\t\t\t\t\t\t<div class=\"elementor-section-wrap\">\n\t\t\t\t\t\t\t<section class=\"elementor-section elementor-top-section elementor-element elementor-element-32f4b79 elementor-section-boxed elementor-section-height-default elementor-section-height-default\" data-id=\"32f4b79\" data-element_type=\"section\">\n\t\t\t\t\t\t<div class=\"elementor-container elementor-column-gap-default\">\n\t\t\t\t\t<div class=\"elementor-column elementor-col-100 elementor-top-column elementor-element elementor-element-0614d68\" data-id=\"0614d68\" data-element_type=\"column\">\n\t\t\t<div class=\"elementor-widget-wrap elementor-element-populated\">\n\t\t\t\t\t\t\t\t<div class=\"elementor-element elementor-element-cc198e8 elementor-widget elementor-widget-image\" data-id=\"cc198e8\" data-element_type=\"widget\" data-widget_type=\"image.default\">\n\t\t\t\t<div class=\"elementor-widget-container\">\n\t\t\t<style>\/*! elementor - v3.5.3 - 28-12-2021 *\/\n.elementor-widget-image{text-align:center}.elementor-widget-image a{display:inline-block}.elementor-widget-image a img[src$=\".svg\"]{width:48px}.elementor-widget-image img{vertical-align:middle;display:inline-block}<\/style>\t\t\t\t\t\t\t\t\t\t\t\t<img loading=\"lazy\" decoding=\"async\" width=\"920\" height=\"614\" src=\"http:\/\/ankieta-popon.it3.pl\/wp-content\/uploads\/2022\/01\/Ankieta-top2.jpg\" class=\"attachment-large size-large\" alt=\"\" srcset=\"http:\/\/ankieta-popon.it3.pl\/wp-content\/uploads\/2022\/01\/Ankieta-top2.jpg 920w, http:\/\/ankieta-popon.it3.pl\/wp-content\/uploads\/2022\/01\/Ankieta-top2-300x200.jpg 300w, http:\/\/ankieta-popon.it3.pl\/wp-content\/uploads\/2022\/01\/Ankieta-top2-768x513.jpg 768w\" sizes=\"auto, (max-width: 920px) 100vw, 920px\" \/>\t\t\t\t\t\t\t\t\t\t\t\t\t\t\t<\/div>\n\t\t\t\t<\/div>\n\t\t\t\t\t<\/div>\n\t\t<\/div>\n\t\t\t\t\t\t\t<\/div>\n\t\t<\/section>\n\t\t\t\t<section class=\"elementor-section elementor-top-section elementor-element elementor-element-c49e878 elementor-section-boxed elementor-section-height-default elementor-section-height-default\" data-id=\"c49e878\" data-element_type=\"section\">\n\t\t\t\t\t\t<div class=\"elementor-container elementor-column-gap-default\">\n\t\t\t\t\t<div class=\"elementor-column elementor-col-100 elementor-top-column elementor-element elementor-element-41875b2\" data-id=\"41875b2\" data-element_type=\"column\">\n\t\t\t<div class=\"elementor-widget-wrap elementor-element-populated\">\n\t\t\t\t\t\t\t\t<div class=\"elementor-element elementor-element-6093f67 elementor-widget elementor-widget-text-editor\" data-id=\"6093f67\" data-element_type=\"widget\" data-widget_type=\"text-editor.default\">\n\t\t\t\t<div class=\"elementor-widget-container\">\n\t\t\t<style>\/*! elementor - v3.5.3 - 28-12-2021 *\/\n.elementor-widget-text-editor.elementor-drop-cap-view-stacked .elementor-drop-cap{background-color:#818a91;color:#fff}.elementor-widget-text-editor.elementor-drop-cap-view-framed .elementor-drop-cap{color:#818a91;border:3px solid;background-color:transparent}.elementor-widget-text-editor:not(.elementor-drop-cap-view-default) .elementor-drop-cap{margin-top:8px}.elementor-widget-text-editor:not(.elementor-drop-cap-view-default) .elementor-drop-cap-letter{width:1em;height:1em}.elementor-widget-text-editor .elementor-drop-cap{float:left;text-align:center;line-height:1;font-size:50px}.elementor-widget-text-editor .elementor-drop-cap-letter{display:inline-block}<\/style>\t\t\t\t<h6 style=\"text-align: center;\">Formularz zg\u0142oszeniowy na konsultacje z pracodawcami w ramach projektu<br \/>\u201eW\u0142\u0105czenie wy\u0142\u0105czonych \u2013 aktywne instrumenty wsparcia os\u00f3b niepe\u0142nosprawnych na rynku pracy\u201d<\/h6><ul><li><span style=\"color: #ff0000;\"><strong>13 stycznia 2022<\/strong><\/span> w godzinach 10:00-16:00 (warsztat stacjonarny) Muzeum II Wojny \u015awiatowej, plac W\u0142adys\u0142awa Bartoszewskiego 1, 80-862 Gda\u0144sk<\/li><li><span style=\"color: #ff0000;\"><strong>25 stycznia 2022<\/strong><\/span> w godzinach 10:00-15:00 Platforma ClickMeeting<\/li><li><strong><span style=\"color: #ff0000;\">31 stycznia 2022<\/span><\/strong> w godzinach 10:00-15:00 Platforma ClickMeeting<\/li><li><span style=\"color: #ff0000;\"><strong>27 stycznia 2022<\/strong><\/span> w godzinach 10:00 \u2013 16:00 ( warsztat stacjonarny) Centrum Partnerstwa Spo\u0142ecznego &#8222;Dialog&#8221; im. A. B\u0105czkowskiego, Boles\u0142awa Limanowskiego 23, 02-943 Warszawa<\/li><\/ul><p style=\"text-align: justify;\">Polska Organizacja Pracodawc\u00f3w Os\u00f3b Niepe\u0142nosprawnych zaprasza na warsztaty partypacyjno-konsultacyjne dla pracodawc\u00f3w w ramach projektu \u201eW\u0142\u0105czenie wy\u0142\u0105czonych \u2013 aktywne instrumenty wsparcia os\u00f3b niepe\u0142nosprawnych na rynku pracy\u201d wsp\u00f3\u0142finansowanego ze \u015brodk\u00f3w Unii Europejskiej w ramach Programu Operacyjnego Wiedza Edukacja Rozw\u00f3j.<\/p><p style=\"text-align: justify;\">Projekt polega na przygotowaniu kompleksowej propozycji wdro\u017cenia do systemu rehabilitacji zawodowej nowych lub zmodyfikowanych instrument\u00f3w wsparcia aktywno\u015bci zawodowej os\u00f3b niepe\u0142nosprawnych, maj\u0105cych na celu zapewnienie im mo\u017cliwie samodzielnego funkcjonowania w spo\u0142ecze\u0144stwie oraz \u015brodowisku pracy.<\/p><p style=\"text-align: justify;\">Warsztaty partypacyjno-konsultacyjne to bardzo wa\u017cny element konsultacji instrument\u00f3w, kt\u00f3re zosta\u0142y przygotowane przez zespo\u0142y eksperckie. S\u0105 to instrumenty wspieraj\u0105ce pracodawc\u00f3w w zakresie tworzenia warunk\u00f3w do zatrudnienia osoby niepe\u0142nosprawnej, pozyskania niepe\u0142nosprawnego pracownika i utrzymania w zatrudnieniu przez ograniczenie skutk\u00f3w niepe\u0142nosprawno\u015bci oraz wspieraj\u0105ce osoby niepe\u0142nosprawne w zakresie pozyskania przez nie zatrudnienia, w tym przechodzenia pomi\u0119dzy rehabilitacj\u0105 spo\u0142eczn\u0105 a zawodow\u0105 oraz w zakresie podejmowania przez nie dzia\u0142alno\u015bci gospodarczej.<\/p><p style=\"text-align: justify;\"><strong>Instrumenty do konsultacji :<\/strong><br \/>Konsultacje instrument\u00f3w dotycz\u0105cych wspierania pracodawc\u00f3w w zakresie dostosowania do zatrudnienia osoby niepe\u0142nosprawnej, pozyskania niepe\u0142nosprawnego pracownika, utrzymania w zatrudnieniu przez ograniczenie skutk\u00f3w niepe\u0142nosprawno\u015bci. Instrumenty opracowane przez POPON.<\/p><ol><li style=\"list-style-type: none;\"><ol><li>Nowe miejsce pracy &#8211; wsparcie w podj\u0119ciu zatrudnienia<\/li><li>Bonus za w\u0142\u0105czenie &#8211; wsparcie w powrocie na rynek pracy<\/li><li>Instrument Gwarancja zatrudnienia- wsparcie w utrzymaniu zatrudniania<\/li><\/ol><\/li><\/ol><p style=\"text-align: justify;\">Konsultacje instrument\u00f3w wspierania os\u00f3b niepe\u0142nosprawnych w zakresie pozyskania przez nie zatrudnienia, w tym przechodzenia pomi\u0119dzy rehabilitacj\u0105 spo\u0142eczn\u0105 a zawodow\u0105. Instrumenty opracowane przez PZG.<\/p><ol><li style=\"list-style-type: none;\"><ol><li>Kompensacja i dost\u0119p \u2013 likwidacja zjawiska pu\u0142apki rentowej i \u015bwiadczeniowej<\/li><li>Bony na start \u2013 wsparcie aktywno\u015bci zawodowej os\u00f3b z niepe\u0142nosprawno\u015bciami<\/li><li>Moje dost\u0119pne miejsce pracy -finansowanie zakupu sprz\u0119tu niezb\u0119dnego, w celu indywidulanego dostosowania miejsca pracy.<\/li><li>Centrum komunikacji- wsparcie dla os\u00f3b pos\u0142uguj\u0105cych si\u0119 j\u0119zykiem migowym w podj\u0119ciu oraz utrzymaniu aktywno\u015bci zawodowej.<\/li><\/ol><\/li><\/ol><p style=\"text-align: justify;\">Konsultacje instrument\u00f3w wspierania os\u00f3b niepe\u0142nosprawnych w zakresie podejmowania przez nie dzia\u0142alno\u015bci gospodarczej oraz wsparcie dla os\u00f3b, kt\u00f3re ju\u017c dzia\u0142alno\u015b\u0107 prowadz\u0105. Instrumenty opracowane przez Stowarzyszenie CPT.<\/p><ol><li style=\"list-style-type: none;\"><ol><li>Nowa Droga zawodowa<\/li><li>Dost\u0119pna i elastyczna dotacja<\/li><li>Biznes bez barier \u2013asystent dzia\u0142alno\u015bci gospodarczej<\/li><li>Inkubator przedsi\u0119biorczo\u015bci os\u00f3b z niepe\u0142nosprawno\u015bciami<\/li><\/ol><\/li><\/ol><p>Materia\u0142 uzyskany w ramach warsztat\u00f3w b\u0119dzie stanowi\u0107 podstaw\u0119 do dalszych dzia\u0142a\u0144 w projekcie.<\/p><p><b>Zapraszamy do rejestracji oraz rozpowszechniania wiadomo\u015bci w\u015br\u00f3d innych zainteresowanych.<\/b><\/p><p>Formularz zg\u0142oszeniowy na konsultacje z pracodawcami<br \/><b><span style=\"color: black;\"><a href=\"http:\/\/ankieta-popon.it3.pl\/\">http:\/\/ankieta-popon.it3.pl\/<\/a><\/span><\/b><\/p><p><a href=\"http:\/\/ankieta-popon.it3.pl\/wp-content\/uploads\/2022\/01\/Regulamin.pdf\" target=\"_blank\" rel=\"noopener\"><b>:: REGULAMIN DO POBRANIA ::<\/b><\/a><\/p>\t\t\t\t\t\t<\/div>\n\t\t\t\t<\/div>\n\t\t\t\t\t<\/div>\n\t\t<\/div>\n\t\t\t\t\t\t\t<\/div>\n\t\t<\/section>\n\t\t\t\t<section class=\"elementor-section elementor-top-section elementor-element elementor-element-2f89e18 elementor-section-boxed elementor-section-height-default elementor-section-height-default\" data-id=\"2f89e18\" data-element_type=\"section\" data-settings=\"{&quot;background_background&quot;:&quot;classic&quot;}\">\n\t\t\t\t\t\t<div class=\"elementor-container elementor-column-gap-default\">\n\t\t\t\t\t<div class=\"elementor-column elementor-col-100 elementor-top-column elementor-element elementor-element-2e0f0c2\" data-id=\"2e0f0c2\" data-element_type=\"column\" data-settings=\"{&quot;background_background&quot;:&quot;classic&quot;}\">\n\t\t\t<div class=\"elementor-widget-wrap elementor-element-populated\">\n\t\t\t\t\t\t\t\t<div class=\"elementor-element elementor-element-f58eca4 elementor-widget elementor-widget-text-editor\" data-id=\"f58eca4\" data-element_type=\"widget\" data-widget_type=\"text-editor.default\">\n\t\t\t\t<div class=\"elementor-widget-container\">\n\t\t\t\t\t\t\t<div role=\"form\" class=\"wpcf7\" id=\"wpcf7-f37-o1\" lang=\"pl-PL\" dir=\"ltr\">\n<div class=\"screen-reader-response\"><p role=\"status\" aria-live=\"polite\" aria-atomic=\"true\"><\/p> <ul><\/ul><\/div>\n<form action=\"\/index.php\/wp-json\/wp\/v2\/pages\/38#wpcf7-f37-o1\" method=\"post\" class=\"wpcf7-form init\" novalidate=\"novalidate\" data-status=\"init\">\n<div style=\"display: none;\">\n<input type=\"hidden\" name=\"_wpcf7\" value=\"37\" \/>\n<input type=\"hidden\" name=\"_wpcf7_version\" value=\"5.5.3\" \/>\n<input type=\"hidden\" name=\"_wpcf7_locale\" value=\"pl_PL\" \/>\n<input type=\"hidden\" name=\"_wpcf7_unit_tag\" value=\"wpcf7-f37-o1\" \/>\n<input type=\"hidden\" name=\"_wpcf7_container_post\" value=\"0\" \/>\n<input type=\"hidden\" name=\"_wpcf7_posted_data_hash\" value=\"\" \/>\n<\/div>\n<p><label> <span class=\"wpcf7-form-control-wrap text-970\"><input type=\"text\" name=\"text-970\" value=\"\" size=\"40\" class=\"wpcf7-form-control wpcf7-text\" aria-invalid=\"false\" placeholder=\"Imi\u0119 Nazwisko osoby bior\u0105cej udzia\u0142 w konsultacji:\" \/><\/span> <\/label><\/p>\n<p><label> <span class=\"wpcf7-form-control-wrap text-122\"><input type=\"text\" name=\"text-122\" value=\"\" size=\"40\" class=\"wpcf7-form-control wpcf7-text\" aria-invalid=\"false\" placeholder=\"Stanowisko osoby bior\u0105cej udzia\u0142 w konsultacji:\" \/><\/span> <\/label><\/p>\n<p><label> <span class=\"wpcf7-form-control-wrap your-email\"><input type=\"email\" name=\"your-email\" value=\"\" size=\"40\" class=\"wpcf7-form-control wpcf7-text wpcf7-email wpcf7-validates-as-required wpcf7-validates-as-email\" aria-required=\"true\" aria-invalid=\"false\" placeholder=\"Adres e-mail:\" \/><\/span> <\/label><\/p>\n<p><label> <span class=\"wpcf7-form-control-wrap tel-819\"><input type=\"tel\" name=\"tel-819\" value=\"\" size=\"40\" class=\"wpcf7-form-control wpcf7-text wpcf7-tel wpcf7-validates-as-tel\" aria-invalid=\"false\" placeholder=\"Kontakt telefoniczny:\" \/><\/span> <\/label><\/p>\n<p><label> <span class=\"wpcf7-form-control-wrap text-898\"><input type=\"text\" name=\"text-898\" value=\"\" size=\"40\" class=\"wpcf7-form-control wpcf7-text\" aria-invalid=\"false\" placeholder=\"Nazwa i adres Firmy:\" \/><\/span> <\/label><\/p>\n<p><label>Wielko\u015b\u0107 Firmy: <span class=\"wpcf7-form-control-wrap menu-318\"><select name=\"menu-318\" class=\"wpcf7-form-control wpcf7-select\" aria-invalid=\"false\"><option value=\"Mniej ni\u017c 10 pracownik\u00f3w\">Mniej ni\u017c 10 pracownik\u00f3w<\/option><option value=\"Od 11 do 50 pracownik\u00f3w\">Od 11 do 50 pracownik\u00f3w<\/option><option value=\"Od 51 do 250 pracownik\u00f3w\">Od 51 do 250 pracownik\u00f3w<\/option><option value=\"Powy\u017cej 250 pracownik\u00f3w\">Powy\u017cej 250 pracownik\u00f3w<\/option><\/select><\/span> <\/label><\/p>\n<p><label>Czy pracodawca jest zobowi\u0105zany do obowi\u0105zkowych wp\u0142at na PFRON?<br \/>\n<span class=\"wpcf7-form-control-wrap radio-929\"><span class=\"wpcf7-form-control wpcf7-radio\"><span class=\"wpcf7-list-item first\"><label><input type=\"radio\" name=\"radio-929\" value=\"Tak\" \/><span class=\"wpcf7-list-item-label\">Tak<\/span><\/label><\/span><span class=\"wpcf7-list-item last\"><label><input type=\"radio\" name=\"radio-929\" value=\"Nie\" \/><span class=\"wpcf7-list-item-label\">Nie<\/span><\/label><\/span><\/span><\/span> <\/label><\/p>\n<p><label>Czy Pracodawca zatrudnia osoby niepe\u0142nosprawne?<br \/>\n    <span class=\"wpcf7-form-control-wrap radio-112\"><span class=\"wpcf7-form-control wpcf7-radio\"><span class=\"wpcf7-list-item first\"><label><input type=\"radio\" name=\"radio-112\" value=\"Tak\" \/><span class=\"wpcf7-list-item-label\">Tak<\/span><\/label><\/span><span class=\"wpcf7-list-item last\"><label><input type=\"radio\" name=\"radio-112\" value=\"Nie\" \/><span class=\"wpcf7-list-item-label\">Nie<\/span><\/label><\/span><\/span><\/span> <\/label><\/p>\n<p><strong>Je\u017celi zaznaczysz pole \u201eTak\u201d wype\u0142nij dalsze punkty<\/strong><\/p>\n<p><label>Liczba os\u00f3b niepe\u0142nosprawnych zatrudnionych u Pracodawcy w przeliczeniu na etaty (wg stanu na dzie\u0144 31.12.2021 r.):<br \/>\n    <span class=\"wpcf7-form-control-wrap number-484\"><input type=\"number\" name=\"number-484\" value=\"\" class=\"wpcf7-form-control wpcf7-number wpcf7-validates-as-number\" min=\"1\" aria-invalid=\"false\" \/><\/span> <\/label><\/p>\n<p><label>Czy Pracodawca zatrudnia osoby niepe\u0142nosprawne ze schorzeniami specjalnymi (osoby niewidome, epilepsja, choroby psychiczne, upo\u015bledzenie umys\u0142owe, ca\u0142o\u015bciowe zaburzenia rozwojowe)?<br \/>\n    <span class=\"wpcf7-form-control-wrap checkbox-556\"><span class=\"wpcf7-form-control wpcf7-checkbox wpcf7-exclusive-checkbox\"><span class=\"wpcf7-list-item first\"><label><input type=\"checkbox\" name=\"checkbox-556\" value=\"Tak\" \/><span class=\"wpcf7-list-item-label\">Tak<\/span><\/label><\/span><span class=\"wpcf7-list-item last\"><label><input type=\"checkbox\" name=\"checkbox-556\" value=\"Nie\" \/><span class=\"wpcf7-list-item-label\">Nie<\/span><\/label><\/span><\/span><\/span> <\/label><\/p>\n<p><label>Czy Pracodawca pobiera dofinasowanie do wynagrodze\u0144 pracownik\u00f3w niepe\u0142nosprawnych (SOD)?<br \/>\n    <span class=\"wpcf7-form-control-wrap checkbox-557\"><span class=\"wpcf7-form-control wpcf7-checkbox wpcf7-exclusive-checkbox\"><span class=\"wpcf7-list-item first\"><label><input type=\"checkbox\" name=\"checkbox-557\" value=\"Tak\" \/><span class=\"wpcf7-list-item-label\">Tak<\/span><\/label><\/span><span class=\"wpcf7-list-item last\"><label><input type=\"checkbox\" name=\"checkbox-557\" value=\"Nie\" \/><span class=\"wpcf7-list-item-label\">Nie<\/span><\/label><\/span><\/span><\/span> <\/label><\/p>\n<p><label>Czy Pracodawca posiada status ZPCHR?<br \/>\n   <span class=\"wpcf7-form-control-wrap checkbox-558\"><span class=\"wpcf7-form-control wpcf7-checkbox wpcf7-exclusive-checkbox\"><span class=\"wpcf7-list-item first\"><label><input type=\"checkbox\" name=\"checkbox-558\" value=\"Tak\" \/><span class=\"wpcf7-list-item-label\">Tak<\/span><\/label><\/span><span class=\"wpcf7-list-item last\"><label><input type=\"checkbox\" name=\"checkbox-558\" value=\"Nie\" \/><span class=\"wpcf7-list-item-label\">Nie<\/span><\/label><\/span><\/span><\/span> <\/label><\/p>\n<p><label>Czy osoba bior\u0105ca udzia\u0142 w konsultacji wyra\u017ca zapotrzebowanie na  t\u0142umacza j\u0119zyka migowego?<br \/>\n   <span class=\"wpcf7-form-control-wrap checkbox-559\"><span class=\"wpcf7-form-control wpcf7-checkbox wpcf7-exclusive-checkbox\"><span class=\"wpcf7-list-item first\"><label><input type=\"checkbox\" name=\"checkbox-559\" value=\"Tak\" \/><span class=\"wpcf7-list-item-label\">Tak<\/span><\/label><\/span><span class=\"wpcf7-list-item last\"><label><input type=\"checkbox\" name=\"checkbox-559\" value=\"Nie\" \/><span class=\"wpcf7-list-item-label\">Nie<\/span><\/label><\/span><\/span><\/span> <\/label><\/p>\n<p><label>Wybierz dat\u0119 warsztat\u00f3w:<br \/>\n<span class=\"wpcf7-form-control-wrap checkbox-648\"><span class=\"wpcf7-form-control wpcf7-checkbox\"><span class=\"wpcf7-list-item first\"><label><input type=\"checkbox\" name=\"checkbox-648[]\" value=\"25 stycznia 2022 w godzinach 10:00-15:00 Platforma ClickMeeting\" \/><span class=\"wpcf7-list-item-label\">25 stycznia 2022 w godzinach 10:00-15:00 Platforma ClickMeeting<\/span><\/label><\/span><span class=\"wpcf7-list-item\"><label><input type=\"checkbox\" name=\"checkbox-648[]\" value=\"31 stycznia 2022 w godzinach 10:00-15:00 Platforma ClickMeeting\" \/><span class=\"wpcf7-list-item-label\">31 stycznia 2022 w godzinach 10:00-15:00 Platforma ClickMeeting<\/span><\/label><\/span><span class=\"wpcf7-list-item last\"><label><input type=\"checkbox\" name=\"checkbox-648[]\" value=\"27 stycznia 2022 w godzinach 10:00 \u2013 16:00 ( warsztat stacjonarny) Centrum Partnerstwa Spo\u0142ecznego &quot;Dialog&quot; im. A. B\u0105czkowskiego, Boles\u0142awa Limanowskiego 23, 02-943 Warszawa\" \/><span class=\"wpcf7-list-item-label\">27 stycznia 2022 w godzinach 10:00 \u2013 16:00 ( warsztat stacjonarny) Centrum Partnerstwa Spo\u0142ecznego &quot;Dialog&quot; im. A. B\u0105czkowskiego, Boles\u0142awa Limanowskiego 23, 02-943 Warszawa<\/span><\/label><\/span><\/span><\/span><\/label><\/p>\n<p><span class=\"wpcf7-form-control-wrap acceptance-827\"><span class=\"wpcf7-form-control wpcf7-acceptance\"><span class=\"wpcf7-list-item\"><label><input type=\"checkbox\" name=\"acceptance-827\" value=\"1\" aria-invalid=\"false\" \/><span class=\"wpcf7-list-item-label\">Deklaruj\u0119 uczestnictwo w warsztacie partypacyjno-konsultacyjnym dla pracodawc\u00f3w  w ramach projektu \u201cW\u0142\u0105czenie wy\u0142\u0105czonych &#8211; aktywne instrumenty wsparcia os\u00f3b niepe\u0142nosprawnych na rynku pracy\u201d nr POWR.02.06.00-00-0065\/19 realizowanego przez Biuro Pe\u0142nomocnika Rza\u0328du ds. Os\u00f3b Niepe\u0142nosprawnych w Ministerstwie Rodziny i Polityki Spo\u0142ecznej z siedziba\u0328 w Warszawie (Lider), w partnerstwie z Polskim Zwia\u0328zkiem G\u0142uchych, Polska\u0328 Organizacja\u0328 Pracodawc\u00f3w Os\u00f3b Niepe\u0142nosprawnych z siedziba\u0328 w Warszawie, Stowarzyszeniem Czas Przestrzen\u0301 Toz\u0307samos\u0301c\u0301 z siedziba\u0328 w Szczecinie, wsp\u00f3\u0142finansowanego ze s\u0301rodk\u00f3w Europejskiego Funduszu Spo\u0142ecznego w ramach Programu Operacyjnego Wiedza Edukacja Rozw\u00f3j.<\/span><\/label><\/span><\/span><\/span><\/p>\n<p><strong>O\u015bwiadczam, \u017ce:<\/strong><\/p>\n<p><span class=\"wpcf7-form-control-wrap acceptance-545\"><span class=\"wpcf7-form-control wpcf7-acceptance\"><span class=\"wpcf7-list-item\"><label><input type=\"checkbox\" name=\"acceptance-545\" value=\"1\" aria-invalid=\"false\" \/><span class=\"wpcf7-list-item-label\">Zapozna\u0142am\/em si\u0119 z Regulaminem uczestnictwa w warsztacie partypacyjno-konsultacyjnym dla pracodawc\u00f3w w ramach projektu \u201cW\u0142\u0105czenie wy\u0142\u0105czonych &#8211; aktywne instrumenty wsparcia os\u00f3b niepe\u0142nosprawnych na rynku pracy\u201d nr POWR.02.06.00-00-0065\/19 akceptuj\u0119 jego warunki i zobowi\u0105zuj\u0119 si\u0119 do stosowania Regulaminu.<\/span><\/label><\/span><\/span><\/span><\/p>\n<p><span class=\"wpcf7-form-control-wrap acceptance-546\"><span class=\"wpcf7-form-control wpcf7-acceptance\"><span class=\"wpcf7-list-item\"><label><input type=\"checkbox\" name=\"acceptance-546\" value=\"1\" aria-invalid=\"false\" \/><span class=\"wpcf7-list-item-label\">Zosta\u0142em\/\u0142am poinformowany(a), \u017ce projekt jest wsp\u00f3\u0142finansowanego ze s\u0301rodk\u00f3w Europejskiego Funduszu Spo\u0142ecznego w ramach Programu Operacyjnego Wiedza Edukacja Rozw\u00f3j, a m\u00f3j udzia\u0142 w warsztacie konsultacyjno-partypacyjnym jest bezp\u0142atny i dobrowolny.<\/span><\/label><\/span><\/span><\/span><\/p>\n<p><span class=\"wpcf7-form-control-wrap acceptance-547\"><span class=\"wpcf7-form-control wpcf7-acceptance\"><span class=\"wpcf7-list-item\"><label><input type=\"checkbox\" name=\"acceptance-547\" value=\"1\" aria-invalid=\"false\" \/><span class=\"wpcf7-list-item-label\">Wyra\u017cam zgod\u0119 na przetwarzanie mojego wizerunku do cel\u00f3w zwi\u0105zanych z realizacj\u0105 Projektu. Wyra\u017cenie zgody jest jednoznaczne z tym, \u017ce zdj\u0119cia, materia\u0142y, filmy lub nagrania wykonane podczas realizacji Projektu mog\u0105 by\u0107 zamieszczone na stronie internetowej projektu oraz wykorzystane w ramach realizacji Projektu.<\/span><\/label><\/span><\/span><\/span><\/p>\n<p><span class=\"wpcf7-form-control-wrap acceptance-548\"><span class=\"wpcf7-form-control wpcf7-acceptance\"><span class=\"wpcf7-list-item\"><label><input type=\"checkbox\" name=\"acceptance-548\" value=\"1\" aria-invalid=\"false\" \/><span class=\"wpcf7-list-item-label\">Zosta\u0142em\/\u0142am poinformowany(a), \u017ce w przypadku uczestnictwa w warsztacie konsultacyjno-partypacyjnym w formie stacjonarnej jestem zobowi\u0105zany(a) do podania numeru PESEL, w celu realizacji  ubezpieczenia mojego udzia\u0142u.<\/span><\/label><\/span><\/span><\/span><\/p>\n<p><span class=\"wpcf7-form-control-wrap acceptance-549\"><span class=\"wpcf7-form-control wpcf7-acceptance\"><span class=\"wpcf7-list-item\"><label><input type=\"checkbox\" name=\"acceptance-549\" value=\"1\" aria-invalid=\"false\" \/><span class=\"wpcf7-list-item-label\">Zosta\u0142em\/\u0142am poinformowana \u017ce administratorem moich danych osobowych  w rozumieniu Rozporz\u0105dzenia Parlamentu Europejskiego i Rady (UE) 2016\/679 z dnia 27 kwietnia 2016r. w sprawie ochrony os\u00f3b fizycznych w zwi\u0105zku z przetwarzaniem danych osobowych w sprawie swobodnego przep\u0142ywu takich danych oraz uchylenia dyrektywy 5\/46\/WE (\u201eRODO\u201d) jest: Polska Organizacja Pracodawc\u00f3w Os\u00f3b Niepe\u0142nosprawnych.<\/span><\/label><\/span><\/span><\/span><\/p>\n<p><span class=\"wpcf7-form-control-wrap acceptance-550\"><span class=\"wpcf7-form-control wpcf7-acceptance\"><span class=\"wpcf7-list-item\"><label><input type=\"checkbox\" name=\"acceptance-550\" value=\"1\" aria-invalid=\"false\" \/><span class=\"wpcf7-list-item-label\">Zosta\u0142em\/\u0142am poinformowany(a), \u017ce przys\u0142uguje mi prawo:\n<br>&#8211; dost\u0119pu do tre\u015bci swoich danych, z\u0307a\u0328dania ich sprostowania, usuni\u0119cia lub ograniczenia ich przetwarzania;\n<br>&#8211; wniesienia sprzeciwu w przypadku przetwarzania danych na podstawie prawnie uzasadnionego interesu Administratora;\n<br>&#8211; wniesienia skargi do Prezesa Urz\u0119du Ochrony Danych Osobowych, gdy uznam, iz\u0307 przetwarzanie moich danych osobowych narusza przepisy RODO.<\/span><\/label><\/span><\/span><\/span><\/p>\n<p><span class=\"wpcf7-form-control-wrap acceptance-551\"><span class=\"wpcf7-form-control wpcf7-acceptance\"><span class=\"wpcf7-list-item\"><label><input type=\"checkbox\" name=\"acceptance-551\" value=\"1\" aria-invalid=\"false\" \/><span class=\"wpcf7-list-item-label\">Zosta\u0142em\/\u0142am poinformowany(a), \u017ce moje dane osobowe, b\u0119d\u0105 przechowywane przez czas trwania projektu, a nast\u0119pnie a nast\u0119pnie przez okres dziesi\u0119ciu kolejnych lat licz\u0105c od ko\u0144ca roku w kt\u00f3rym projekt sie\u0328 zako\u0144czy\u0142.<\/span><\/label><\/span><\/span><\/span><\/p>\n<p><span class=\"wpcf7-form-control-wrap acceptance-552\"><span class=\"wpcf7-form-control wpcf7-acceptance\"><span class=\"wpcf7-list-item\"><label><input type=\"checkbox\" name=\"acceptance-552\" value=\"1\" aria-invalid=\"false\" \/><span class=\"wpcf7-list-item-label\">Zosta\u0142em\/\u0142am poinformowany(a), \u017ce odbiorca\u0328 moich danych osobowych b\u0119dzie minister w\u0142a\u015bciwy do spraw rozwoju regionalnego pe\u0142ni\u0105cy funkcje\u0328 Instytucji Zarz\u0105dzaj\u0105cej dla Programu Operacyjnego Wiedza Edukacja Rozw\u00f3j 2014-2020, maj\u0105cy siedzib\u0119\u0328 przy ul. Wsp\u00f3lnej 2\/4, 00-926 Warszawa, w ramach monitorowania i kontroli prawid\u0142owo\u015bci realizacji Projektu. Innymi odbiorcami moich danych osobowych mog\u0105\u0328 by\u0107\u0301 podmioty \u015bwiadcz\u0105ce dla Administratora us\u0142ugi informatyczne (hosting skrzynek mailowych), prawne, doradcze, ksi\u0119gowe &#8211; na podstawie stosownych um\u00f3w oraz podmioty upowa\u017cnione do otrzymania moich danych osobowych na podstawie obowi\u0105zuj\u0105cych przepis\u00f3w prawa.<\/span><\/label><\/span><\/span><\/span><\/p>\n<p><span class=\"wpcf7-form-control-wrap acceptance-553\"><span class=\"wpcf7-form-control wpcf7-acceptance\"><span class=\"wpcf7-list-item\"><label><input type=\"checkbox\" name=\"acceptance-553\" value=\"1\" aria-invalid=\"false\" \/><span class=\"wpcf7-list-item-label\">Zosta\u0142em\/\u0142am poinformowany(a), \u017ce w przypadku wyczerpania miejsc, braku uczestnictwa w warsztacie partypacyjno-konsultacyjnym wszystkie dane zawarte w formularzu  nie b\u0119d\u0105 wykorzystywane i zostan\u0105 trwale usuni\u0119te.<\/span><\/label><\/span><\/span><\/span><\/p>\n<p><input type=\"submit\" value=\"Wy\u015blij\" class=\"wpcf7-form-control has-spinner wpcf7-submit\" \/><\/p>\n<div class=\"wpcf7-response-output\" aria-hidden=\"true\"><\/div><\/form><\/div>\t\t\t\t\t\t<\/div>\n\t\t\t\t<\/div>\n\t\t\t\t\t<\/div>\n\t\t<\/div>\n\t\t\t\t\t\t\t<\/div>\n\t\t<\/section>\n\t\t\t\t\t\t<\/div>\n\t\t\t\t\t<\/div>\n\t\t","protected":false},"excerpt":{"rendered":"<p>Formularz zg\u0142oszeniowy na konsultacje z pracodawcami w ramach projektu\u201eW\u0142\u0105czenie wy\u0142\u0105czonych \u2013 aktywne instrumenty wsparcia os\u00f3b niepe\u0142nosprawnych na rynku pracy\u201d 13 stycznia 2022 w godzinach 10:00-16:00 (warsztat stacjonarny) Muzeum II Wojny \u015awiatowej, plac W\u0142adys\u0142awa Bartoszewskiego 1, 80-862 Gda\u0144sk 25 stycznia 2022 w godzinach 10:00-15:00 Platforma ClickMeeting 31 stycznia 2022 w godzinach 10:00-15:00 Platforma ClickMeeting 27 stycznia&hellip;&nbsp;<a href=\"http:\/\/ankieta-popon.it3.pl\/\" class=\"\" rel=\"bookmark\">Czytaj dalej &raquo;<span class=\"screen-reader-text\"><\/span><\/a><\/p>\n","protected":false},"author":1,"featured_media":0,"parent":0,"menu_order":0,"comment_status":"closed","ping_status":"closed","template":"","meta":{"neve_meta_sidebar":"","neve_meta_container":"","neve_meta_enable_content_width":"","neve_meta_content_width":0,"neve_meta_title_alignment":"","neve_meta_author_avatar":"","neve_post_elements_order":"","neve_meta_disable_header":"","neve_meta_disable_footer":"","neve_meta_disable_title":"","footnotes":""},"class_list":["post-38","page","type-page","status-publish","hentry"],"_links":{"self":[{"href":"http:\/\/ankieta-popon.it3.pl\/index.php\/wp-json\/wp\/v2\/pages\/38","targetHints":{"allow":["GET"]}}],"collection":[{"href":"http:\/\/ankieta-popon.it3.pl\/index.php\/wp-json\/wp\/v2\/pages"}],"about":[{"href":"http:\/\/ankieta-popon.it3.pl\/index.php\/wp-json\/wp\/v2\/types\/page"}],"author":[{"embeddable":true,"href":"http:\/\/ankieta-popon.it3.pl\/index.php\/wp-json\/wp\/v2\/users\/1"}],"replies":[{"embeddable":true,"href":"http:\/\/ankieta-popon.it3.pl\/index.php\/wp-json\/wp\/v2\/comments?post=38"}],"version-history":[{"count":98,"href":"http:\/\/ankieta-popon.it3.pl\/index.php\/wp-json\/wp\/v2\/pages\/38\/revisions"}],"predecessor-version":[{"id":181,"href":"http:\/\/ankieta-popon.it3.pl\/index.php\/wp-json\/wp\/v2\/pages\/38\/revisions\/181"}],"wp:attachment":[{"href":"http:\/\/ankieta-popon.it3.pl\/index.php\/wp-json\/wp\/v2\/media?parent=38"}],"curies":[{"name":"wp","href":"https:\/\/api.w.org\/{rel}","templated":true}]}}